{"id":29697,"date":"2023-03-29T08:48:04","date_gmt":"2023-03-29T05:48:04","guid":{"rendered":"https:\/\/retermia.fi\/?page_id=29697"},"modified":"2024-04-03T19:22:27","modified_gmt":"2024-04-03T16:22:27","slug":"vanliga-fragor-och-svar","status":"publish","type":"page","link":"https:\/\/retermia.fi\/sv\/vanliga-fragor-och-svar","title":{"rendered":"Vanliga fr\u00e5gor och svar"},"content":{"rendered":"\t\t<div data-elementor-type=\"wp-page\" data-elementor-id=\"29697\" class=\"elementor elementor-29697 elementor-8214\" data-elementor-post-type=\"page\">\n\t\t\t\t\t\t<section class=\"elementor-section elementor-top-section elementor-element elementor-element-7db9733 elementor-section-height-min-height elementor-section-boxed elementor-section-height-default elementor-section-items-middle\" data-id=\"7db9733\" data-element_type=\"section\" data-e-type=\"section\" data-settings=\"{&quot;background_background&quot;:&quot;classic&quot;,&quot;background_motion_fx_motion_fx_scrolling&quot;:&quot;yes&quot;,&quot;background_motion_fx_scale_effect&quot;:&quot;yes&quot;,&quot;jet_parallax_layout_list&quot;:[],&quot;background_motion_fx_scale_direction&quot;:&quot;out-in&quot;,&quot;background_motion_fx_scale_speed&quot;:{&quot;unit&quot;:&quot;px&quot;,&quot;size&quot;:4,&quot;sizes&quot;:[]},&quot;background_motion_fx_scale_range&quot;:{&quot;unit&quot;:&quot;%&quot;,&quot;size&quot;:&quot;&quot;,&quot;sizes&quot;:{&quot;start&quot;:20,&quot;end&quot;:80}},&quot;background_motion_fx_devices&quot;:[&quot;desktop&quot;,&quot;tablet&quot;,&quot;mobile&quot;]}\">\n\t\t\t\t\t\t<div class=\"elementor-container elementor-column-gap-default\">\n\t\t\t\t\t<div class=\"elementor-column elementor-col-100 elementor-top-column elementor-element elementor-element-0f82738\" data-id=\"0f82738\" data-element_type=\"column\" data-e-type=\"column\">\n\t\t\t<div class=\"elementor-widget-wrap elementor-element-populated\">\n\t\t\t\t\t\t<div class=\"elementor-element elementor-element-662a470 elementor-widget elementor-widget-heading\" data-id=\"662a470\" data-element_type=\"widget\" data-e-type=\"widget\" data-widget_type=\"heading.default\">\n\t\t\t\t<div class=\"elementor-widget-container\">\n\t\t\t\t\t<h1 class=\"elementor-heading-title elementor-size-default\">Vanliga fr\u00e5gor och svar<\/h1>\t\t\t\t<\/div>\n\t\t\t\t<\/div>\n\t\t\t\t\t<\/div>\n\t\t<\/div>\n\t\t\t\t\t<\/div>\n\t\t<\/section>\n\t\t\t\t<section class=\"elementor-section elementor-top-section elementor-element elementor-element-2e07b06 elementor-section-boxed elementor-section-height-default elementor-section-height-default\" data-id=\"2e07b06\" data-element_type=\"section\" data-e-type=\"section\" data-settings=\"{&quot;jet_parallax_layout_list&quot;:[]}\">\n\t\t\t\t\t\t<div class=\"elementor-container elementor-column-gap-default\">\n\t\t\t\t\t<div class=\"elementor-column elementor-col-100 elementor-top-column elementor-element elementor-element-c28532c\" data-id=\"c28532c\" data-element_type=\"column\" data-e-type=\"column\">\n\t\t\t<div class=\"elementor-widget-wrap elementor-element-populated\">\n\t\t\t\t\t\t<div class=\"elementor-element elementor-element-4aa1e9f elementor-widget elementor-widget-spacer\" data-id=\"4aa1e9f\" data-element_type=\"widget\" data-e-type=\"widget\" data-widget_type=\"spacer.default\">\n\t\t\t\t<div class=\"elementor-widget-container\">\n\t\t\t\t\t\t\t<div class=\"elementor-spacer\">\n\t\t\t<div class=\"elementor-spacer-inner\"><\/div>\n\t\t<\/div>\n\t\t\t\t\t\t<\/div>\n\t\t\t\t<\/div>\n\t\t\t\t<div class=\"elementor-element elementor-element-17a192e elementor-widget elementor-widget-spacer\" data-id=\"17a192e\" data-element_type=\"widget\" data-e-type=\"widget\" data-widget_type=\"spacer.default\">\n\t\t\t\t<div class=\"elementor-widget-container\">\n\t\t\t\t\t\t\t<div class=\"elementor-spacer\">\n\t\t\t<div class=\"elementor-spacer-inner\"><\/div>\n\t\t<\/div>\n\t\t\t\t\t\t<\/div>\n\t\t\t\t<\/div>\n\t\t\t\t<div class=\"elementor-element elementor-element-114925d elementor-widget elementor-widget-accordion\" data-id=\"114925d\" data-element_type=\"widget\" data-e-type=\"widget\" data-widget_type=\"accordion.default\">\n\t\t\t\t<div class=\"elementor-widget-container\">\n\t\t\t\t\t\t\t<div class=\"elementor-accordion\">\n\t\t\t\t\t\t\t<div class=\"elementor-accordion-item\">\n\t\t\t\t\t<div id=\"elementor-tab-title-1811\" class=\"elementor-tab-title\" data-tab=\"1\" role=\"button\" aria-controls=\"elementor-tab-content-1811\" aria-expanded=\"false\">\n\t\t\t\t\t\t\t\t\t\t\t\t\t<span class=\"elementor-accordion-icon elementor-accordion-icon-left\" aria-hidden=\"true\">\n\t\t\t\t\t\t\t\t\t\t\t\t\t\t\t<span class=\"elementor-accordion-icon-closed\"><i class=\"fas fa-plus\"><\/i><\/span>\n\t\t\t\t\t\t\t\t<span class=\"elementor-accordion-icon-opened\"><i class=\"fas fa-minus\"><\/i><\/span>\n\t\t\t\t\t\t\t\t\t\t\t\t\t\t<\/span>\n\t\t\t\t\t\t\t\t\t\t\t\t<a class=\"elementor-accordion-title\" tabindex=\"0\">Hur mycket kostar Retermia v\u00e4rme\u00e5tervinning och hur l\u00e5ng \u00e4r \u00e5terbetalningstiden?<\/a>\n\t\t\t\t\t<\/div>\n\t\t\t\t\t<div id=\"elementor-tab-content-1811\" class=\"elementor-tab-content elementor-clearfix\" data-tab=\"1\" role=\"region\" aria-labelledby=\"elementor-tab-title-1811\"><p>P\u00e5 grund av den individuella dimensioneringen av v\u00e5ra produkter \u00e4r v\u00e5r priss\u00e4ttning ocks\u00e5 fr\u00e5n fall till fall och vi ger en separat offert f\u00f6r varje projekt.<\/p>\n<p>N\u00e5lv\u00e4rmev\u00e4xlaren blir den mest kostnadseffektiva V\u00c5V-l\u00f6sningen i praktiken. Fl\u00e4ktens elf\u00f6rbrukning h\u00e5lls under kontroll och kostnaden f\u00f6r att k\u00f6pa nya fl\u00e4ktar f\u00f6r renoveringsprojekt undviks. Tack vare n\u00e5lv\u00e4rmev\u00e4xlarens l\u00e5ga tryckfall p\u00e5 luftsidan beh\u00f6vs inga kraftigare fl\u00e4ktar. Huvudfiltrets livsl\u00e4ngd f\u00f6rl\u00e4ngs n\u00e4r n\u00e5lv\u00e4rmev\u00e4xlaren fungerar som ett f\u00f6rfilter f\u00f6r att v\u00e4rma och torka luften. Ytterligare filterbyten p\u00e5 grund av filterv\u00e4tning undviks, vilket sparar in p\u00e5 filterkostnaderna. P\u00e5 fr\u00e5nluftssidan beh\u00f6vs inget filter alls.<\/p>\n<p>\u00c5 andra sidan kan du ocks\u00e5 fr\u00e5ga vad det kostar att l\u00f6sa problemen med m\u00f6gel och sn\u00f6 i ventilationssystemet eller att eliminera driftproblem som igens\u00e4ttning och frysning av filter, f\u00f6rtr\u00e4ngning av luftfl\u00f6den eller f\u00f6r\u00e4ndringar i tryckf\u00f6rh\u00e5llandena. Retermias v\u00e4rme\u00e5tervinningssystem l\u00f6ser de vanligaste ventilationsproblemen i ett svep. Dessutom fungerar n\u00e5lv\u00e4rmev\u00e4xlare ocks\u00e5 som kylbatteri p\u00e5 sommaren, om det beh\u00f6vs, vilket sparar kostnaden f\u00f6r ett separat batteri.<\/p>\n<p>\u00c5terbetalningstiden beror naturligtvis p\u00e5 energipriset och den dagliga drifttiden f\u00f6r ventilationen, men i genomsnitt betalar sig Retermia V\u00c5V i form av energibesparingar p\u00e5 cirka fyra till \u00e5tta \u00e5r.<\/p>\n<\/div>\n\t\t\t\t<\/div>\n\t\t\t\t\t\t\t<div class=\"elementor-accordion-item\">\n\t\t\t\t\t<div id=\"elementor-tab-title-1812\" class=\"elementor-tab-title\" data-tab=\"2\" role=\"button\" aria-controls=\"elementor-tab-content-1812\" aria-expanded=\"false\">\n\t\t\t\t\t\t\t\t\t\t\t\t\t<span class=\"elementor-accordion-icon elementor-accordion-icon-left\" aria-hidden=\"true\">\n\t\t\t\t\t\t\t\t\t\t\t\t\t\t\t<span class=\"elementor-accordion-icon-closed\"><i class=\"fas fa-plus\"><\/i><\/span>\n\t\t\t\t\t\t\t\t<span class=\"elementor-accordion-icon-opened\"><i class=\"fas fa-minus\"><\/i><\/span>\n\t\t\t\t\t\t\t\t\t\t\t\t\t\t<\/span>\n\t\t\t\t\t\t\t\t\t\t\t\t<a class=\"elementor-accordion-title\" tabindex=\"0\">Vad \u00e4r tryckfallet p\u00e5 luftsidan av en n\u00e5lv\u00e4rmev\u00e4xlare?<\/a>\n\t\t\t\t\t<\/div>\n\t\t\t\t\t<div id=\"elementor-tab-content-1812\" class=\"elementor-tab-content elementor-clearfix\" data-tab=\"2\" role=\"region\" aria-labelledby=\"elementor-tab-title-1812\"><p>Tryckfallet p\u00e5 luftsidan varierar fr\u00e5n anl\u00e4ggning till anl\u00e4ggning, men \u00e4r normalt cirka 30-50 Pa f\u00f6r n\u00e5lv\u00e4rme\u00e5tervinning p\u00e5 b\u00e5de till- och fr\u00e5nluftssidan.<\/p>\n<p>N\u00e5lv\u00e4rmev\u00e4xlarens l\u00e5ga tryckfall p\u00e5 luftsidan inneb\u00e4r att det inte finns n\u00e5got behov av att \u00f6ka fl\u00e4ktens effekt f\u00f6r v\u00e4rme\u00e5tervinning. Detta leder till betydande besparingar i elkostnader, som kan utg\u00f6ra upp till 90% av livscykelkostnaden f\u00f6r ett luftbehandlingssystem.<\/p>\n<\/div>\n\t\t\t\t<\/div>\n\t\t\t\t\t\t\t<div class=\"elementor-accordion-item\">\n\t\t\t\t\t<div id=\"elementor-tab-title-1813\" class=\"elementor-tab-title\" data-tab=\"3\" role=\"button\" aria-controls=\"elementor-tab-content-1813\" aria-expanded=\"false\">\n\t\t\t\t\t\t\t\t\t\t\t\t\t<span class=\"elementor-accordion-icon elementor-accordion-icon-left\" aria-hidden=\"true\">\n\t\t\t\t\t\t\t\t\t\t\t\t\t\t\t<span class=\"elementor-accordion-icon-closed\"><i class=\"fas fa-plus\"><\/i><\/span>\n\t\t\t\t\t\t\t\t<span class=\"elementor-accordion-icon-opened\"><i class=\"fas fa-minus\"><\/i><\/span>\n\t\t\t\t\t\t\t\t\t\t\t\t\t\t<\/span>\n\t\t\t\t\t\t\t\t\t\t\t\t<a class=\"elementor-accordion-title\" tabindex=\"0\">Beh\u00f6ver jag installera ett filter framf\u00f6r Retermia V\u00c5V-enheten?<\/a>\n\t\t\t\t\t<\/div>\n\t\t\t\t\t<div id=\"elementor-tab-content-1813\" class=\"elementor-tab-content elementor-clearfix\" data-tab=\"3\" role=\"region\" aria-labelledby=\"elementor-tab-title-1813\"><p>Det beh\u00f6ver du inte &#8211; och det ska du inte heller g\u00f6ra. N\u00e5lv\u00e4rmev\u00e4xlaren i sig fungerar som ett grovfilter (filtreringsklass runt G3-niv\u00e5) och beh\u00f6ver inte n\u00e5got filter f\u00f6r att skydda den. \u00d6verfl\u00f6diga filter framf\u00f6r v\u00e4rme\u00e5tervinningsenheten (p\u00e5 den kalla sidan) skapar ytterligare tryckf\u00f6rluster och orsakar fukt- och driftproblem. Retermias n\u00e5lv\u00e4rmev\u00e4xlare med f\u00f6rfiltrering och f\u00f6rv\u00e4rmning eliminerar dessa problem.<\/p>\n<p>Tack vare den l\u00e5ga fronthastigheten ackumulerar f\u00f6roreningarna p\u00e5 n\u00e5lbatteriets yta som ett l\u00e4tt avtagbart skikt. D\u00e4rf\u00f6r \u00e4r n\u00e5lv\u00e4rmev\u00e4xlare l\u00e4tt att reng\u00f6ra, antingen med enbart dammsugning eller, vid behov, med en h\u00f6gtryckstv\u00e4tt och ett l\u00e4mpligt reng\u00f6ringsmedel. Retermias n\u00e5lv\u00e4rmev\u00e4xlare \u00e4r utrustad med en uppsamlingstr\u00e5g f\u00f6r tv\u00e4tt- och kondensvatten (rostfritt st\u00e5l) och en dr\u00e4neringsanslutning.<\/p>\n<\/div>\n\t\t\t\t<\/div>\n\t\t\t\t\t\t\t<div class=\"elementor-accordion-item\">\n\t\t\t\t\t<div id=\"elementor-tab-title-1814\" class=\"elementor-tab-title\" data-tab=\"4\" role=\"button\" aria-controls=\"elementor-tab-content-1814\" aria-expanded=\"false\">\n\t\t\t\t\t\t\t\t\t\t\t\t\t<span class=\"elementor-accordion-icon elementor-accordion-icon-left\" aria-hidden=\"true\">\n\t\t\t\t\t\t\t\t\t\t\t\t\t\t\t<span class=\"elementor-accordion-icon-closed\"><i class=\"fas fa-plus\"><\/i><\/span>\n\t\t\t\t\t\t\t\t<span class=\"elementor-accordion-icon-opened\"><i class=\"fas fa-minus\"><\/i><\/span>\n\t\t\t\t\t\t\t\t\t\t\t\t\t\t<\/span>\n\t\t\t\t\t\t\t\t\t\t\t\t<a class=\"elementor-accordion-title\" tabindex=\"0\">L\u00e4cker Retermia V\u00c5V fr\u00e5n fr\u00e5nluften till tilluften? <\/a>\n\t\t\t\t\t<\/div>\n\t\t\t\t\t<div id=\"elementor-tab-content-1814\" class=\"elementor-tab-content elementor-clearfix\" data-tab=\"4\" role=\"region\" aria-labelledby=\"elementor-tab-title-1814\"><p>Det h\u00e4nder inte. Vid anv\u00e4ndning av en n\u00e5lv\u00e4rmev\u00e4xlare kan anv\u00e4ndningen av returluft elimineras helt. Endast v\u00e4rmeenergin fr\u00e5n fr\u00e5nluften \u00e5tervinns och \u00f6verf\u00f6rs till tilluften. Detta s\u00e4kerst\u00e4ller en god luftkvalitet inomhus: lukt och r\u00f6k (svetsr\u00f6k, l\u00f6sningsmedelsr\u00f6k, tobaksr\u00f6k, VOC) i fr\u00e5nluften \u00f6verf\u00f6rs inte till tilluften. Brands\u00e4kerheten f\u00f6rb\u00e4ttras ocks\u00e5: uttaget kan placeras l\u00e5ngt fr\u00e5n intaget och branden sprider sig inte fr\u00e5n uttaget till intaget.<\/p>\n<\/div>\n\t\t\t\t<\/div>\n\t\t\t\t\t\t\t<div class=\"elementor-accordion-item\">\n\t\t\t\t\t<div id=\"elementor-tab-title-1815\" class=\"elementor-tab-title\" data-tab=\"5\" role=\"button\" aria-controls=\"elementor-tab-content-1815\" aria-expanded=\"false\">\n\t\t\t\t\t\t\t\t\t\t\t\t\t<span class=\"elementor-accordion-icon elementor-accordion-icon-left\" aria-hidden=\"true\">\n\t\t\t\t\t\t\t\t\t\t\t\t\t\t\t<span class=\"elementor-accordion-icon-closed\"><i class=\"fas fa-plus\"><\/i><\/span>\n\t\t\t\t\t\t\t\t<span class=\"elementor-accordion-icon-opened\"><i class=\"fas fa-minus\"><\/i><\/span>\n\t\t\t\t\t\t\t\t\t\t\t\t\t\t<\/span>\n\t\t\t\t\t\t\t\t\t\t\t\t<a class=\"elementor-accordion-title\" tabindex=\"0\">Vilka storlekar p\u00e5 byggnader \u00e4r l\u00e4mpliga f\u00f6r Retermia V\u00c5V-enheter?<\/a>\n\t\t\t\t\t<\/div>\n\t\t\t\t\t<div id=\"elementor-tab-content-1815\" class=\"elementor-tab-content elementor-clearfix\" data-tab=\"5\" role=\"region\" aria-labelledby=\"elementor-tab-title-1815\"><p>Retermia v\u00e4rme\u00e5tervinningssystem \u00e4r i princip l\u00e4mpliga f\u00f6r applikationer av alla storlekar, fr\u00e5n bostadsl\u00e4genheter till stora industribyggnader, men den mest l\u00f6nsamma investeringen \u00e4r i medelstora applikationer (luftfl\u00f6de 1 &#8211; 150 m\u00b3\/s).<\/p>\n<p>Typiska anl\u00e4ggningar \u00e4r sjukhus, v\u00e5rdcentraler, kontorsbyggnader, hotell och restauranger, stork\u00f6k, utbildningsinstitutioner, daghem, sport- och simhallar, konsert- och kongressanl\u00e4ggningar samt sm\u00e5 industrianl\u00e4ggningar. Det minsta luftfl\u00f6det f\u00f6r ett indirekt V\u00c5V-system kan anses vara ca 0,5 m\u00b3\/s. F\u00f6r fr\u00e5nluftsv\u00e4rmepumpsystem i gamla bostadshus (FVP) \u00e4r den minsta luftfl\u00f6deshastigheten f\u00f6r V\u00c5V-enheten 200-300 l\/s.<\/p>\n<\/div>\n\t\t\t\t<\/div>\n\t\t\t\t\t\t\t<div class=\"elementor-accordion-item\">\n\t\t\t\t\t<div id=\"elementor-tab-title-1816\" class=\"elementor-tab-title\" data-tab=\"6\" role=\"button\" aria-controls=\"elementor-tab-content-1816\" aria-expanded=\"false\">\n\t\t\t\t\t\t\t\t\t\t\t\t\t<span class=\"elementor-accordion-icon elementor-accordion-icon-left\" aria-hidden=\"true\">\n\t\t\t\t\t\t\t\t\t\t\t\t\t\t\t<span class=\"elementor-accordion-icon-closed\"><i class=\"fas fa-plus\"><\/i><\/span>\n\t\t\t\t\t\t\t\t<span class=\"elementor-accordion-icon-opened\"><i class=\"fas fa-minus\"><\/i><\/span>\n\t\t\t\t\t\t\t\t\t\t\t\t\t\t<\/span>\n\t\t\t\t\t\t\t\t\t\t\t\t<a class=\"elementor-accordion-title\" tabindex=\"0\">Kan n\u00e5lv\u00e4rmev\u00e4xlare installeras i st\u00e4llet f\u00f6r ett externt galler eller direkt p\u00e5 en gammal skorsten?<\/a>\n\t\t\t\t\t<\/div>\n\t\t\t\t\t<div id=\"elementor-tab-content-1816\" class=\"elementor-tab-content elementor-clearfix\" data-tab=\"6\" role=\"region\" aria-labelledby=\"elementor-tab-title-1816\"><p>Ja, det \u00e4r l\u00e4tt att g\u00f6ra. N\u00e5lv\u00e4rmev\u00e4xlaren kan enkelt installeras i st\u00e4llet f\u00f6r ett utomhusgaller, vilket g\u00f6r den enkel att underh\u00e5lla, till exempel. genom serviceluckan ovan. Genom att byta ut utomhusgallret p\u00e5 intagssidan f\u00e5r man maximal nytta av n\u00e5lv\u00e4rmev\u00e4xlaren. N\u00e5lv\u00e4rmev\u00e4xlaren h\u00e5ller hela ventilationskanalen torr och ren: luften f\u00f6rv\u00e4rms och f\u00f6rfiltreras vid gallret och inte i kanalen. Detta f\u00f6rhindrar problem som orsakas av sn\u00f6 och fukt, t.ex. v\u00e4tning, frysning och s\u00f6nderrivning av filter.<\/p>\n<p>Installationen p\u00e5 en gammal skorsten kan enkelt g\u00f6ras genom att Retermia levererar en V\u00c5V-fl\u00e4kt direkt till platsen, som installeras i st\u00e4llet f\u00f6r den gamla takfl\u00e4kten. Om fr\u00e5nluftsfl\u00e4kten \u00e4r placerad inomhus ers\u00e4tts den gamla fr\u00e5nluftsdiffusorn med en Retermia Avlufthuv.<\/p>\n<\/div>\n\t\t\t\t<\/div>\n\t\t\t\t\t\t\t<div class=\"elementor-accordion-item\">\n\t\t\t\t\t<div id=\"elementor-tab-title-1817\" class=\"elementor-tab-title\" data-tab=\"7\" role=\"button\" aria-controls=\"elementor-tab-content-1817\" aria-expanded=\"false\">\n\t\t\t\t\t\t\t\t\t\t\t\t\t<span class=\"elementor-accordion-icon elementor-accordion-icon-left\" aria-hidden=\"true\">\n\t\t\t\t\t\t\t\t\t\t\t\t\t\t\t<span class=\"elementor-accordion-icon-closed\"><i class=\"fas fa-plus\"><\/i><\/span>\n\t\t\t\t\t\t\t\t<span class=\"elementor-accordion-icon-opened\"><i class=\"fas fa-minus\"><\/i><\/span>\n\t\t\t\t\t\t\t\t\t\t\t\t\t\t<\/span>\n\t\t\t\t\t\t\t\t\t\t\t\t<a class=\"elementor-accordion-title\" tabindex=\"0\">\u00c4r Retermia-enheter l\u00e4mpliga f\u00f6r ett centraliserat ventilationssystem?<\/a>\n\t\t\t\t\t<\/div>\n\t\t\t\t\t<div id=\"elementor-tab-content-1817\" class=\"elementor-tab-content elementor-clearfix\" data-tab=\"7\" role=\"region\" aria-labelledby=\"elementor-tab-title-1817\"><p>Ja, det \u00e4r l\u00e4tt att g\u00f6ra. N\u00e5lv\u00e4rmev\u00e4xlaren kan installeras centralt i luftintags- och avluftskammaren, antingen i st\u00e4llet f\u00f6r galler eller bakom avtagbara galler i kammaren. Det kan finnas flera aggregat i maskinrummet.: en gemensam v\u00e4rme\u00e5tervinning f\u00f6r flera till- och fr\u00e5nluftsaggregat kan g\u00f6ras, eftersom n\u00e5lv\u00e4rmev\u00e4xlare kan tolerera stora f\u00f6r\u00e4ndringar i luftvolymen. Systemet kan ocks\u00e5 ha variabel luftvolym (VAV), vilket g\u00f6r att st\u00f6rre luftvolymer kan anv\u00e4ndas f\u00f6r kylning p\u00e5 sommaren utan att man beh\u00f6ver bygga ett separat system f\u00f6r sommarkylning.<\/p>\n<\/div>\n\t\t\t\t<\/div>\n\t\t\t\t\t\t\t<div class=\"elementor-accordion-item\">\n\t\t\t\t\t<div id=\"elementor-tab-title-1818\" class=\"elementor-tab-title\" data-tab=\"8\" role=\"button\" aria-controls=\"elementor-tab-content-1818\" aria-expanded=\"false\">\n\t\t\t\t\t\t\t\t\t\t\t\t\t<span class=\"elementor-accordion-icon elementor-accordion-icon-left\" aria-hidden=\"true\">\n\t\t\t\t\t\t\t\t\t\t\t\t\t\t\t<span class=\"elementor-accordion-icon-closed\"><i class=\"fas fa-plus\"><\/i><\/span>\n\t\t\t\t\t\t\t\t<span class=\"elementor-accordion-icon-opened\"><i class=\"fas fa-minus\"><\/i><\/span>\n\t\t\t\t\t\t\t\t\t\t\t\t\t\t<\/span>\n\t\t\t\t\t\t\t\t\t\t\t\t<a class=\"elementor-accordion-title\" tabindex=\"0\">\u00c4r n\u00e5lv\u00e4rmev\u00e4xlare l\u00e4mplig f\u00f6r kr\u00e4vande milj\u00f6er som processindustri\/ simbass\u00e4ng\/ m\u00e5leri\/ bageri\/ restaurang?<\/a>\n\t\t\t\t\t<\/div>\n\t\t\t\t\t<div id=\"elementor-tab-content-1818\" class=\"elementor-tab-content elementor-clearfix\" data-tab=\"8\" role=\"region\" aria-labelledby=\"elementor-tab-title-1818\"><p><strong>Processindustri:<\/strong><br \/>Vid planering av industriprojekt \u00e4r det l\u00e4mpligt att konsultera Retermias experter. I allm\u00e4nhet \u00e4r n\u00e5lv\u00e4rmev\u00e4xlare inte l\u00e4mpliga f\u00f6r temperaturer \u00f6ver 80 \u00b0C. I m\u00e5nga processindustrier kan dock n\u00e5lv\u00e4rmev\u00e4xlare placeras p\u00e5 tilluftssidan och en annan l\u00f6sning p\u00e5 fr\u00e5nluftssidan. P\u00e5 s\u00e5 s\u00e4tt uppn\u00e5s f\u00f6rdelarna med en n\u00e5lv\u00e4rmev\u00e4xlare p\u00e5 tilluftssidan (f\u00f6rfiltrering och f\u00f6rv\u00e4rmning: huvudfiltret f\u00f6rblir torrt). Utrustningsleverant\u00f6ren kan dock inte ge en driftsgaranti f\u00f6r den termiska verkningsgraden p\u00e5 ett V\u00c5V-system f\u00f6r vilket den endast har levererat en del av batterierna.<\/p>\n<p><strong>Simbass\u00e4nger:<\/strong><br \/>N\u00e5lv\u00e4rmev\u00e4xlaren \u00e4r l\u00e4mplig f\u00f6r v\u00e4rme\u00e5tervinning i simbass\u00e4nger: den \u00e4r motst\u00e5ndskraftig mot fuktig och klorerad luft.<\/p>\n<p><strong>M\u00e5larverkstad:<\/strong><br \/>Vi har ocks\u00e5 implementerat v\u00e4rme\u00e5tervinningssystem f\u00f6r ventilation i m\u00e5lerier.<br \/>N\u00e5lv\u00e4rmev\u00e4xlaren kan korrosionsskyddas och ett separat filter kan placeras i Avlufthuven f\u00f6r eventuell v\u00e5t f\u00e4rg. Implementeringen av V\u00c5V i ett m\u00e5lningsrum b\u00f6r \u00f6verv\u00e4gas separat beroende p\u00e5 vilken typ av m\u00e5lningsaktivitet som kommer att \u00e4ga rum i rummet (v\u00e5tm\u00e5lning, pulverm\u00e5lning, fr\u00e5nluftstemperatur, korrosiva \u00e4mnen och f\u00e4rg\u00e5ngor, etc.).<\/p>\n<p><strong>Bageri:<\/strong><br \/>Vi har erfarenhet av v\u00e4rme\u00e5tervinningssystem f\u00f6r bageriventilation. Bakningsplatser b\u00f6r beaktas separat (t.ex. fr\u00e5nluftstemperatur, dammhalt). P\u00e5 grund av dammutsl\u00e4ppen b\u00f6r placeringen och underh\u00e5llet av V\u00c5V-fr\u00e5nluftsbatteriet beaktas under planerings- och konstruktionsfasen.<\/p>\n<p><strong>Restauranger och professionella k\u00f6k:<\/strong><br \/>N\u00e5lv\u00e4rmev\u00e4xlaren kan installeras i professionella k\u00f6k och restauranger eftersom den \u00e4r smutstolerant och tv\u00e4ttbar. Faktum \u00e4r att n\u00e5lv\u00e4rmev\u00e4xlare \u00e4r den enda k\u00e4nda V\u00c5V-enhet som fungerar med fetthaltig k\u00f6ksfr\u00e5nluft.<\/p>\n<\/div>\n\t\t\t\t<\/div>\n\t\t\t\t\t\t\t<div class=\"elementor-accordion-item\">\n\t\t\t\t\t<div id=\"elementor-tab-title-1819\" class=\"elementor-tab-title\" data-tab=\"9\" role=\"button\" aria-controls=\"elementor-tab-content-1819\" aria-expanded=\"false\">\n\t\t\t\t\t\t\t\t\t\t\t\t\t<span class=\"elementor-accordion-icon elementor-accordion-icon-left\" aria-hidden=\"true\">\n\t\t\t\t\t\t\t\t\t\t\t\t\t\t\t<span class=\"elementor-accordion-icon-closed\"><i class=\"fas fa-plus\"><\/i><\/span>\n\t\t\t\t\t\t\t\t<span class=\"elementor-accordion-icon-opened\"><i class=\"fas fa-minus\"><\/i><\/span>\n\t\t\t\t\t\t\t\t\t\t\t\t\t\t<\/span>\n\t\t\t\t\t\t\t\t\t\t\t\t<a class=\"elementor-accordion-title\" tabindex=\"0\">Vilka v\u00e4rme\u00f6verf\u00f6ringsv\u00e4tskor kan anv\u00e4ndas i n\u00e5lv\u00e4rmev\u00e4xlare?<\/a>\n\t\t\t\t\t<\/div>\n\t\t\t\t\t<div id=\"elementor-tab-content-1819\" class=\"elementor-tab-content elementor-clearfix\" data-tab=\"9\" role=\"region\" aria-labelledby=\"elementor-tab-title-1819\"><p>Cu\/Al\/Fe -inhiberade 30-40% vattenhaltiga etylen\/propylenglykoll\u00f6sningar under f\u00f6ljande handelsnamn:<br \/>&#8211; Etylenglykol : Zero HD (Telko Oy) och Dowcal 100 (Algol Oy)<br \/>&#8211; Propylenglykol: Zero Propylene (Telko Oy); Dowcal N och Dowcal 200 (Algol Oy)<\/p>\n<\/div>\n\t\t\t\t<\/div>\n\t\t\t\t\t\t\t<div class=\"elementor-accordion-item\">\n\t\t\t\t\t<div id=\"elementor-tab-title-18110\" class=\"elementor-tab-title\" data-tab=\"10\" role=\"button\" aria-controls=\"elementor-tab-content-18110\" aria-expanded=\"false\">\n\t\t\t\t\t\t\t\t\t\t\t\t\t<span class=\"elementor-accordion-icon elementor-accordion-icon-left\" aria-hidden=\"true\">\n\t\t\t\t\t\t\t\t\t\t\t\t\t\t\t<span class=\"elementor-accordion-icon-closed\"><i class=\"fas fa-plus\"><\/i><\/span>\n\t\t\t\t\t\t\t\t<span class=\"elementor-accordion-icon-opened\"><i class=\"fas fa-minus\"><\/i><\/span>\n\t\t\t\t\t\t\t\t\t\t\t\t\t\t<\/span>\n\t\t\t\t\t\t\t\t\t\t\t\t<a class=\"elementor-accordion-title\" tabindex=\"0\">Hur l\u00f6ses kylning i Retermia-systemet?<\/a>\n\t\t\t\t\t<\/div>\n\t\t\t\t\t<div id=\"elementor-tab-content-18110\" class=\"elementor-tab-content elementor-clearfix\" data-tab=\"10\" role=\"region\" aria-labelledby=\"elementor-tab-title-18110\"><p>Kylning av tilluften i sommarperiod kan uppn\u00e5s med Retermia V\u00c5V-system genom att koppla tilluftsidans n\u00e5lv\u00e4rmev\u00e4xlare mot kylv\u00e4rmev\u00e4xlare eller bufferttank. Alternativt kan kylningen ske via ett separat kylbatteri som \u00e4r ansluten till kylaggregatets expansionsk\u00e4rl, ett borrh\u00e5l (passiv kylning) eller en plattv\u00e4rmev\u00e4xlare.<\/p>\n<\/div>\n\t\t\t\t<\/div>\n\t\t\t\t\t\t\t<div class=\"elementor-accordion-item\">\n\t\t\t\t\t<div id=\"elementor-tab-title-18111\" class=\"elementor-tab-title\" data-tab=\"11\" role=\"button\" aria-controls=\"elementor-tab-content-18111\" aria-expanded=\"false\">\n\t\t\t\t\t\t\t\t\t\t\t\t\t<span class=\"elementor-accordion-icon elementor-accordion-icon-left\" aria-hidden=\"true\">\n\t\t\t\t\t\t\t\t\t\t\t\t\t\t\t<span class=\"elementor-accordion-icon-closed\"><i class=\"fas fa-plus\"><\/i><\/span>\n\t\t\t\t\t\t\t\t<span class=\"elementor-accordion-icon-opened\"><i class=\"fas fa-minus\"><\/i><\/span>\n\t\t\t\t\t\t\t\t\t\t\t\t\t\t<\/span>\n\t\t\t\t\t\t\t\t\t\t\t\t<a class=\"elementor-accordion-title\" tabindex=\"0\">\u00c4r fri kylning m\u00f6jlig i ett Retermia-system?<\/a>\n\t\t\t\t\t<\/div>\n\t\t\t\t\t<div id=\"elementor-tab-content-18111\" class=\"elementor-tab-content elementor-clearfix\" data-tab=\"11\" role=\"region\" aria-labelledby=\"elementor-tab-title-18111\"><p>Ja, det \u00e4r l\u00e4tt att g\u00f6ra. Till exempel kan v\u00e4rmen som absorberas av kylbafflarna \u00f6verf\u00f6ras f\u00f6r att f\u00f6rv\u00e4rma tilluften p\u00e5 vintern med hj\u00e4lp av en n\u00e5lv\u00e4rmev\u00e4xlare. P\u00e5 s\u00e5 s\u00e4tt beh\u00f6ver man inte k\u00f6ra kylaggregatet p\u00e5 vintern och sparar el, som kan vara m\u00e5nga g\u00e5nger dyrare \u00e4n uppv\u00e4rmningsenergi.<\/p>\n<\/div>\n\t\t\t\t<\/div>\n\t\t\t\t\t\t\t<div class=\"elementor-accordion-item\">\n\t\t\t\t\t<div id=\"elementor-tab-title-18112\" class=\"elementor-tab-title\" data-tab=\"12\" role=\"button\" aria-controls=\"elementor-tab-content-18112\" aria-expanded=\"false\">\n\t\t\t\t\t\t\t\t\t\t\t\t\t<span class=\"elementor-accordion-icon elementor-accordion-icon-left\" aria-hidden=\"true\">\n\t\t\t\t\t\t\t\t\t\t\t\t\t\t\t<span class=\"elementor-accordion-icon-closed\"><i class=\"fas fa-plus\"><\/i><\/span>\n\t\t\t\t\t\t\t\t<span class=\"elementor-accordion-icon-opened\"><i class=\"fas fa-minus\"><\/i><\/span>\n\t\t\t\t\t\t\t\t\t\t\t\t\t\t<\/span>\n\t\t\t\t\t\t\t\t\t\t\t\t<a class=\"elementor-accordion-title\" tabindex=\"0\">Kan kondensv\u00e4rme \u00e5tervinnas i ett Retermia-system?<\/a>\n\t\t\t\t\t<\/div>\n\t\t\t\t\t<div id=\"elementor-tab-content-18112\" class=\"elementor-tab-content elementor-clearfix\" data-tab=\"12\" role=\"region\" aria-labelledby=\"elementor-tab-title-18112\"><p>Ja, kondensv\u00e4rme kan enkelt tas tillvara med en n\u00e5lv\u00e4rmev\u00e4xlare. Kondenserande v\u00e4rme t.ex. fr\u00e5n kylmaskinen \u00f6verf\u00f6rs till V\u00c5V-krets under vinterdrift.<\/p>\n<\/div>\n\t\t\t\t<\/div>\n\t\t\t\t\t\t\t<div class=\"elementor-accordion-item\">\n\t\t\t\t\t<div id=\"elementor-tab-title-18113\" class=\"elementor-tab-title\" data-tab=\"13\" role=\"button\" aria-controls=\"elementor-tab-content-18113\" aria-expanded=\"false\">\n\t\t\t\t\t\t\t\t\t\t\t\t\t<span class=\"elementor-accordion-icon elementor-accordion-icon-left\" aria-hidden=\"true\">\n\t\t\t\t\t\t\t\t\t\t\t\t\t\t\t<span class=\"elementor-accordion-icon-closed\"><i class=\"fas fa-plus\"><\/i><\/span>\n\t\t\t\t\t\t\t\t<span class=\"elementor-accordion-icon-opened\"><i class=\"fas fa-minus\"><\/i><\/span>\n\t\t\t\t\t\t\t\t\t\t\t\t\t\t<\/span>\n\t\t\t\t\t\t\t\t\t\t\t\t<a class=\"elementor-accordion-title\" tabindex=\"0\">Kan n\u00e5lv\u00e4rmev\u00e4xlare installeras i en avlufts- eller intagshuv?<\/a>\n\t\t\t\t\t<\/div>\n\t\t\t\t\t<div id=\"elementor-tab-content-18113\" class=\"elementor-tab-content elementor-clearfix\" data-tab=\"13\" role=\"region\" aria-labelledby=\"elementor-tab-title-18113\"><p>Ja, det \u00e4r l\u00e4tt att g\u00f6ra. En n\u00e5lv\u00e4rmev\u00e4xlare kan byggas som en avlufthuv eller luftintagshuv i Retermias fabriker.<\/p>\n<\/div>\n\t\t\t\t<\/div>\n\t\t\t\t\t\t\t<div class=\"elementor-accordion-item\">\n\t\t\t\t\t<div id=\"elementor-tab-title-18114\" class=\"elementor-tab-title\" data-tab=\"14\" role=\"button\" aria-controls=\"elementor-tab-content-18114\" aria-expanded=\"false\">\n\t\t\t\t\t\t\t\t\t\t\t\t\t<span class=\"elementor-accordion-icon elementor-accordion-icon-left\" aria-hidden=\"true\">\n\t\t\t\t\t\t\t\t\t\t\t\t\t\t\t<span class=\"elementor-accordion-icon-closed\"><i class=\"fas fa-plus\"><\/i><\/span>\n\t\t\t\t\t\t\t\t<span class=\"elementor-accordion-icon-opened\"><i class=\"fas fa-minus\"><\/i><\/span>\n\t\t\t\t\t\t\t\t\t\t\t\t\t\t<\/span>\n\t\t\t\t\t\t\t\t\t\t\t\t<a class=\"elementor-accordion-title\" tabindex=\"0\">Hur kan en n\u00e5lv\u00e4rmev\u00e4xlare monteras p\u00e5 en gammal struktur (kammare)?<\/a>\n\t\t\t\t\t<\/div>\n\t\t\t\t\t<div id=\"elementor-tab-content-18114\" class=\"elementor-tab-content elementor-clearfix\" data-tab=\"14\" role=\"region\" aria-labelledby=\"elementor-tab-title-18114\"><p>N\u00e5lv\u00e4rmev\u00e4xlare kan installeras i tillufts- och fr\u00e5nluftskammare i en separat skiljev\u00e4gg eller i st\u00e4llet f\u00f6r tillufts-\/fr\u00e5nluftsgaller. Den sj\u00e4lvb\u00e4rande ramen m\u00f6jligg\u00f6r st\u00f6d fr\u00e5n golv eller v\u00e4gg.<\/p>\n<\/div>\n\t\t\t\t<\/div>\n\t\t\t\t\t\t\t<div class=\"elementor-accordion-item\">\n\t\t\t\t\t<div id=\"elementor-tab-title-18115\" class=\"elementor-tab-title\" data-tab=\"15\" role=\"button\" aria-controls=\"elementor-tab-content-18115\" aria-expanded=\"false\">\n\t\t\t\t\t\t\t\t\t\t\t\t\t<span class=\"elementor-accordion-icon elementor-accordion-icon-left\" aria-hidden=\"true\">\n\t\t\t\t\t\t\t\t\t\t\t\t\t\t\t<span class=\"elementor-accordion-icon-closed\"><i class=\"fas fa-plus\"><\/i><\/span>\n\t\t\t\t\t\t\t\t<span class=\"elementor-accordion-icon-opened\"><i class=\"fas fa-minus\"><\/i><\/span>\n\t\t\t\t\t\t\t\t\t\t\t\t\t\t<\/span>\n\t\t\t\t\t\t\t\t\t\t\t\t<a class=\"elementor-accordion-title\" tabindex=\"0\">Hur tv\u00e4ttar man n\u00e5lv\u00e4rmev\u00e4xlare?<\/a>\n\t\t\t\t\t<\/div>\n\t\t\t\t\t<div id=\"elementor-tab-content-18115\" class=\"elementor-tab-content elementor-clearfix\" data-tab=\"15\" role=\"region\" aria-labelledby=\"elementor-tab-title-18115\"><p>N\u00e5lv\u00e4rmev\u00e4xlaren \u00e4r l\u00e4tt att reng\u00f6ra vid \u00e5rligt underh\u00e5ll genom dammsugning och anv\u00e4ndning av h\u00f6gtryckstv\u00e4tt. N\u00e5lv\u00e4rmev\u00e4xlaren \u00e4r utrustad med ett uppsamlingstr\u00e5g f\u00f6r tv\u00e4ttvatten. Tv\u00e4ttvatten kan sl\u00e4ppas ut antingen via en dr\u00e4neringsanslutning eller alternativt (takmonterade modeller) fr\u00e5n h\u00f6rnen p\u00e5 uppsamlingstr\u00e5get. F\u00f6r att s\u00e4kerst\u00e4lla ett framg\u00e5ngsrikt underh\u00e5ll \u00e4r det viktigt att ta h\u00e4nsyn till n\u00e5gra saker i designfasen, vilket du kan l\u00e4sa mer om p\u00e5 sidan F\u00f6r VVS-konsulten.<\/p>\n<p>H\u00f6gtryckstv\u00e4tten m\u00e5ste ha ett speciellt munstycke f\u00f6r att f\u00f6rhindra skador p\u00e5 n\u00e5lytan. Tv\u00e4ttmedelsl\u00f6sningen m\u00e5ste vara ett alkaliskt metalltv\u00e4ttmedel. Retermia kan leverera ett servicepaket (inklusive en K\u00e4rcher h\u00f6gtryckstv\u00e4tt och ett specialmunstycke) med utrustningen om det beh\u00f6vs.<\/p>\n<\/div>\n\t\t\t\t<\/div>\n\t\t\t\t\t\t\t\t<\/div>\n\t\t\t\t\t\t<\/div>\n\t\t\t\t<\/div>\n\t\t\t\t<div class=\"elementor-element elementor-element-8798c7a elementor-widget elementor-widget-spacer\" data-id=\"8798c7a\" data-element_type=\"widget\" data-e-type=\"widget\" data-widget_type=\"spacer.default\">\n\t\t\t\t<div class=\"elementor-widget-container\">\n\t\t\t\t\t\t\t<div class=\"elementor-spacer\">\n\t\t\t<div class=\"elementor-spacer-inner\"><\/div>\n\t\t<\/div>\n\t\t\t\t\t\t<\/div>\n\t\t\t\t<\/div>\n\t\t\t\t\t<\/div>\n\t\t<\/div>\n\t\t\t\t\t<\/div>\n\t\t<\/section>\n\t\t\t\t<\/div>\n\t\t","protected":false},"excerpt":{"rendered":"<p>Vi har sammanst\u00e4llt en lista med vanliga fr\u00e5gor och svar f\u00f6r dig. Du kan ocks\u00e5 kontakta oss via telefon, kontaktformul\u00e4r och e-post om du har n\u00e5gra fr\u00e5gor.<\/p>\n","protected":false},"author":13,"featured_media":27809,"parent":0,"menu_order":0,"comment_status":"closed","ping_status":"closed","template":"elementor_header_footer","meta":{"inline_featured_image":false,"footnotes":""},"hakunakyvyys":[],"yhteinen-luokittelutieto":[],"sivujen-luokittelutieto":[],"class_list":["post-29697","page","type-page","status-publish","has-post-thumbnail","hentry"],"_links":{"self":[{"href":"https:\/\/retermia.fi\/sv\/wp-json\/wp\/v2\/pages\/29697","targetHints":{"allow":["GET"]}}],"collection":[{"href":"https:\/\/retermia.fi\/sv\/wp-json\/wp\/v2\/pages"}],"about":[{"href":"https:\/\/retermia.fi\/sv\/wp-json\/wp\/v2\/types\/page"}],"author":[{"embeddable":true,"href":"https:\/\/retermia.fi\/sv\/wp-json\/wp\/v2\/users\/13"}],"replies":[{"embeddable":true,"href":"https:\/\/retermia.fi\/sv\/wp-json\/wp\/v2\/comments?post=29697"}],"version-history":[{"count":0,"href":"https:\/\/retermia.fi\/sv\/wp-json\/wp\/v2\/pages\/29697\/revisions"}],"wp:featuredmedia":[{"embeddable":true,"href":"https:\/\/retermia.fi\/sv\/wp-json\/wp\/v2\/media\/27809"}],"wp:attachment":[{"href":"https:\/\/retermia.fi\/sv\/wp-json\/wp\/v2\/media?parent=29697"}],"wp:term":[{"taxonomy":"hakunakyvyys","embeddable":true,"href":"https:\/\/retermia.fi\/sv\/wp-json\/wp\/v2\/hakunakyvyys?post=29697"},{"taxonomy":"yhteinen-luokittelutieto","embeddable":true,"href":"https:\/\/retermia.fi\/sv\/wp-json\/wp\/v2\/yhteinen-luokittelutieto?post=29697"},{"taxonomy":"sivujen-luokittelutieto","embeddable":true,"href":"https:\/\/retermia.fi\/sv\/wp-json\/wp\/v2\/sivujen-luokittelutieto?post=29697"}],"curies":[{"name":"wp","href":"https:\/\/api.w.org\/{rel}","templated":true}]}}